{"id":18,"date":"2018-09-30T15:34:29","date_gmt":"2018-09-30T13:34:29","guid":{"rendered":"http:\/\/association-orchis-reconstitution.fr\/?page_id=18"},"modified":"2018-10-07T19:58:24","modified_gmt":"2018-10-07T17:58:24","slug":"a-propos-de","status":"publish","type":"page","link":"https:\/\/association-orchis-reconstitution.fr\/?page_id=18","title":{"rendered":"A Propos"},"content":{"rendered":"<p>L&rsquo;association Orchis a pour vocation l&rsquo;\u00e9tude et la fabrication d&rsquo;objets de reconstitution historique.<\/p>\n<p>La production du feu et la recherche dans le domaine du \u00ab\u00a0cuir bouilli\u00a0\u00bb sont nos principaux centres d\u2019int\u00e9r\u00eats. Pour \u00e9toffer ce blog, nous acceptons volontiers toute information qui aurait pu nous \u00e9chapper afin de vous offrir un contenu des plus complet.<\/p>\n<p>St\u00e9phane Bois est le r\u00e9dacteur de la section <em>production du feu<\/em>, il est professeur agr\u00e9g\u00e9 de physique-chimie. Anne D\u00e9r\u00e9 se charge de la partie <em>travail du cuir, <\/em>son exp\u00e9rience dans ce domaine d\u00e9bute par un dipl\u00f4me de sellier-harnacheur obtenu il y a plus de vingt ans.<\/p>\n<p>Des objets sont disponibles \u00e0 la vente pour nous aider dans notre d\u00e9marche b\u00e9n\u00e9vole.<\/p>\n<p>Bien s\u00fbr, nous acceptons les dons : cuir \u00e0 tannage v\u00e9g\u00e9tal non trait\u00e9, mat\u00e9riel pour photo&#8230;<\/p>\n<p>Bonne visite !<\/p>\n","protected":false},"excerpt":{"rendered":"<p>L&rsquo;association Orchis a pour vocation l&rsquo;\u00e9tude et la fabrication d&rsquo;objets de reconstitution historique. La production du feu et la recherche dans le domaine du \u00ab\u00a0cuir bouilli\u00a0\u00bb sont nos principaux centres d\u2019int\u00e9r\u00eats. Pour \u00e9toffer ce blog, nous acceptons volontiers toute information qui aurait pu nous \u00e9chapper afin de vous offrir un contenu des plus complet. St\u00e9phane &hellip; <a href=\"https:\/\/association-orchis-reconstitution.fr\/?page_id=18\" class=\"more-link\">Continuer la lecture<span class=\"screen-reader-text\"> de &laquo;&nbsp;A Propos&nbsp;&raquo;<\/span><\/a><\/p>\n","protected":false},"author":1,"featured_media":0,"parent":0,"menu_order":0,"comment_status":"closed","ping_status":"closed","template":"","meta":{"footnotes":""},"_links":{"self":[{"href":"https:\/\/association-orchis-reconstitution.fr\/index.php?rest_route=\/wp\/v2\/pages\/18"}],"collection":[{"href":"https:\/\/association-orchis-reconstitution.fr\/index.php?rest_route=\/wp\/v2\/pages"}],"about":[{"href":"https:\/\/association-orchis-reconstitution.fr\/index.php?rest_route=\/wp\/v2\/types\/page"}],"author":[{"embeddable":true,"href":"https:\/\/association-orchis-reconstitution.fr\/index.php?rest_route=\/wp\/v2\/users\/1"}],"replies":[{"embeddable":true,"href":"https:\/\/association-orchis-reconstitution.fr\/index.php?rest_route=%2Fwp%2Fv2%2Fcomments&post=18"}],"version-history":[{"count":8,"href":"https:\/\/association-orchis-reconstitution.fr\/index.php?rest_route=\/wp\/v2\/pages\/18\/revisions"}],"predecessor-version":[{"id":137,"href":"https:\/\/association-orchis-reconstitution.fr\/index.php?rest_route=\/wp\/v2\/pages\/18\/revisions\/137"}],"wp:attachment":[{"href":"https:\/\/association-orchis-reconstitution.fr\/index.php?rest_route=%2Fwp%2Fv2%2Fmedia&parent=18"}],"curies":[{"name":"wp","href":"https:\/\/api.w.org\/{rel}","templated":true}]}}